{"id":3385,"date":"2021-02-05T13:48:52","date_gmt":"2021-02-05T12:48:52","guid":{"rendered":"https:\/\/www.ad-outillage.com\/conditions-generales\/"},"modified":"2021-02-05T13:48:52","modified_gmt":"2021-02-05T12:48:52","slug":"conditions-generales","status":"publish","type":"page","link":"https:\/\/www.ad-outillage.com\/nl\/conditions-generales\/","title":{"rendered":"Conditions g\u00e9n\u00e9rales de vente et d\u2019utilisation du site"},"content":{"rendered":"\n<h2 class=\"wp-block-heading\">1. Introduction<\/h2>\n\n\n\n<p>L\u2019ensemble des ventes conclues par l\u2019interm\u00e9diaire du pr\u00e9sent site (<a href=\"https:\/\/www.ad-outillage.com\">www.ad-outillage.com<\/a>) sont conclues entre le client et la SRL A.D Vente et Location (ci-apr\u00e8s \u00ab\u00a0le Vendeur\u00a0\u00bb), BCE 0761.439.310, dont le si\u00e8ge social est sis \u00e0 4960 Malmedy, avenue des Alli\u00e9s 74.<\/p>\n\n\n\n<p>Toutes les relations contractuelles ou extracontractuelles entre le Vendeur et ses clients sont r\u00e9gies par les pr\u00e9sentes conditions g\u00e9n\u00e9rales. Les pr\u00e9sentes conditions g\u00e9n\u00e9rales sont applicables aux ventes de marchandises, aux livraisons de marchandises et aux prestations de services.<\/p>\n\n\n\n<h2 class=\"wp-block-heading\">2. <strong>Livraison<\/strong><\/h2>\n\n\n\n<p>A la demande du client, le transport des biens command\u00e9s via le site pourra \u00eatre effectu\u00e9, notamment, par un transporteur agr\u00e9\u00e9 par le Vendeur. Le prix du transport est mentionn\u00e9 lors de l\u2019achat. Sauf mention contraire, une livraison est possible, pour les colis de -30kg, en France, Belgique, Luxembourg, Royaume-Uni, Allemagne et aux Pays-Bas. Les livraisons de +30kg doivent faire l\u2019objet d\u2019un accord sp\u00e9cifique.<\/p>\n\n\n\n<p>Le jour de la livraison est communiqu\u00e9 par le transporteur choisi lors de la commande. Le Vendeur ne peut \u00eatre tenu responsable de retards de livraison ou de quelconques manquements imputables au transporteur choisi, tout recours \u00e9ventuel devant \u00eatre dirig\u00e9 par le client contre le transporteur.<\/p>\n\n\n\n<p>Les marchandises sont toujours transport\u00e9es aux risques et p\u00e9rils du client, sauf si les parties en ont convenu autrement de mani\u00e8re expresse.<\/p>\n\n\n\n<h2 class=\"wp-block-heading\">3. Transfert de propri\u00e9t\u00e9 et des risques<\/h2>\n\n\n\n<p>Le transfert de propri\u00e9t\u00e9 des biens command\u00e9s ne s\u2019op\u00e8re qu\u2019apr\u00e8s le paiement, par l\u2019acheteur, du prix total convenu de tous les biens command\u00e9s.<\/p>\n\n\n\n<p>Les risques sont transf\u00e9r\u00e9s au client au moment de l\u2019exp\u00e9dition du bien pour livraison (remise au transporteur choisi) ou au jour fix\u00e9 par les parties pour son retrait physique par le client ou par la personne d\u00e9sign\u00e9e par lui.<\/p>\n\n\n\n<h2 class=\"wp-block-heading\">4. <strong>Droit de r\u00e9tractation au profit du client consommateur<\/strong><\/h2>\n\n\n\n<p>Lorsque les biens command\u00e9s le sont \u00e0 des fins qui n\u2019entrent pas dans le cadre de l\u2019activit\u00e9 commerciale, industrielle, artisanale ou lib\u00e9rale du client (et uniquement dans cette hypoth\u00e8se), le client a le droit de renoncer \u00e0 l\u2019achat, sans devoir fournir un motif et sans payer de suppl\u00e9ment, end\u00e9ans les 14 jours calendrier \u00e0 partir du jour suivant la livraison des biens command\u00e9s ou \u00e0 partir du jour o\u00f9 le client ou le tiers d\u00e9sign\u00e9 par lui prend possession des biens. Au cours de ce d\u00e9lai de 14 jours, le client doit informer le Vendeur de son intention de se r\u00e9tracter, en mentionnant l\u2019article qu\u2019il souhaite renvoyer, en pr\u00e9cisant son prix et sa r\u00e9f\u00e9rence. Il mentionnera \u00e9galement le num\u00e9ro de commande et la date de livraison ou de retrait. Cette communication peut se faire en utilisant le formulaire standard figurant \u00e0 l\u2019annexe 2 du livre VI du Code de droit \u00e9conomique, accessible via le lien suivant\u00a0: <a href=\"https:\/\/economie.fgov.be\/sites\/default\/files\/Files\/Forms\/Formulaire-de-retractation.pdf\">https:\/\/economie.fgov.be\/sites\/default\/files\/Files\/Forms\/Formulaire-de-retractation.pdf<\/a>.<\/p>\n\n\n\n<p>Les frais inh\u00e9rents au retour sont \u00e0 la charge du client. Le Vendeur remboursera enti\u00e8rement le prix hors livraison du bien, \u00e0 condition que le bien soit complet, en parfait \u00e9tat, inutilis\u00e9 et dans son emballage d\u2019origine.<\/p>\n\n\n\n<p>Toutefois, conform\u00e9ment \u00e0 l\u2019art. VI.53 du Code de droit \u00e9conomique, aucun droit de r\u00e9tractation n\u2019est ouvert au client, notamment, en cas de\u00a0:<\/p>\n\n\n\n<ul class=\"wp-block-list\"><li>fourniture de biens ou de services dont le prix d\u00e9pend de fluctuations sur le march\u00e9 financier \u00e9chappant au contr\u00f4le du Vendeur et susceptibles de se produire pendant le d\u00e9lai de r\u00e9tractation;<\/li><li>fourniture de biens confectionn\u00e9s selon les sp\u00e9cifications du client ou nettement personnalis\u00e9s;<\/li><li>fourniture de biens susceptibles de se d\u00e9t\u00e9riorer ou de se p\u00e9rimer rapidement;<\/li><li>fourniture de biens scell\u00e9s ne pouvant \u00eatre renvoy\u00e9s pour des raisons de protection de la sant\u00e9 ou d\u2019hygi\u00e8ne et qui ont \u00e9t\u00e9 descell\u00e9s par le client apr\u00e8s la livraison;<\/li><li>fourniture de biens qui, apr\u00e8s avoir \u00e9t\u00e9 livr\u00e9s, et de par leur nature, sont m\u00e9lang\u00e9s de mani\u00e8re indissociable avec d\u2019autres articles.<\/li><\/ul>\n\n\n\n<h2 class=\"wp-block-heading\">5. Conformit\u00e9 & garantie<\/h2>\n\n\n\n<p>Le client est tenu de notifier par \u00e9crit au Vendeur tout d\u00e9faut apparent dont seraient affect\u00e9s les biens vendus ou dans les services fournis au client, dans les 3 jours ouvrables qui suivent leur livraison\/prestation ou leur retrait par le client ou par le tiers d\u00e9sign\u00e9 par lui. A d\u00e9faut, le client sera sans recours contre le Vendeur.<\/p>\n\n\n\n<p>Tous les biens neufs que le client ach\u00e8te sur le site <a href=\"https:\/\/www.ad-outillage.com\">www.ad-outillage.com<\/a> \u00e0 des fins qui n\u2019entrent pas dans le cadre de son activit\u00e9 professionnelle ou commerciale b\u00e9n\u00e9ficient d\u2019une garantie l\u00e9gale d\u2019au moins 2 ans couvrant les d\u00e9fauts existants au jour de la d\u00e9livrance du bien et qui apparaissent durant la p\u00e9riode de garantie. Cette garantie est uniquement valable pour une utilisation normale, en conformit\u00e9 avec les instructions de fonctionnement et d\u2019entretien du bien vendu.\u00a0 Si la p\u00e9riode de garantie est sup\u00e9rieure \u00e0 deux ans, celle-ci est indiqu\u00e9e dans les caract\u00e9ristiques du bien.<\/p>\n\n\n\n<p>Lorsque le client acquiert des biens aupr\u00e8s du Vendeur dans le cadre de son activit\u00e9 professionnelles (non-consommateur), la garantie est limit\u00e9e \u00e0 la dur\u00e9e et aux conditions de la garantie fournie par le fournisseur du Vendeur, \u00e0 moins que le Vendeur n\u2019ait eu connaissance du vice. Les obligations du Vendeur se limitent, en tout \u00e9tat de cause, au remplacement ou \u00e0 la r\u00e9paration des biens non-conformes, ou \u00e0 la r\u00e9paration du d\u00e9faut s\u2019il s\u2019agit d\u2019une prestation de service, au choix du Vendeur. Le client, non consommateur, n\u2019aura pas droit \u00e0 un quelconque autre d\u00e9dommagement. Le Vendeur n\u2019est, en outre, tenu \u00e0 aucune garantie en cas d\u2019utilisation anormale, imprudente ou contraire aux instructions donn\u00e9es par le producteur.<\/p>\n\n\n\n<h2 class=\"wp-block-heading\">6. Limitation de responsabilit\u00e9<\/h2>\n\n\n\n<p>Nonobstant toute disposition contraire et dans les limites autoris\u00e9es par la loi, la responsabilit\u00e9 du Vendeur est limit\u00e9e au double du montant de la commande pass\u00e9e par le client, ceci m\u00eame en cas de faute lourde imputable au Vendeur.<\/p>\n\n\n\n<h2 class=\"wp-block-heading\">7. Annulation de la commande par le Vendeur<\/h2>\n\n\n\n<p>Le Vendeur se r\u00e9serve le droit d\u2019annuler les commandes, sans indemnit\u00e9, si un cas de force majeure en emp\u00eache son ex\u00e9cution normale ou en cas de survenances de circonstances raisonnablement impr\u00e9visibles rendant l\u2019ex\u00e9cution de ses obligations par le Vendeur beaucoup plus on\u00e9reuse ou difficile. De convention expresse, les \u00e9v\u00e9nements de gr\u00e8ve, p\u00e9nurie de transport, incendie, inondation, avarie de mat\u00e9riel, \u00e9meutes, guerre, \u00e9pid\u00e9mie, accident, soit chez le Vendeur, soit chez un de ses fournisseurs seront tenus pour cas de force majeure, m\u00eame s\u2019ils ne sont que partiels, et quelle qu\u2019en soit la cause. Cette \u00e9num\u00e9ration n\u2019est pas limitative.<\/p>\n\n\n\n<h2 class=\"wp-block-heading\">8. Paiement & int\u00e9r\u00eats<\/h2>\n\n\n\n<p>Le montant repris sur la facture est un montant net, TVA, taxes et, le cas \u00e9ch\u00e9ant, frais de livraison inclus. L\u2019escompte et les frais bancaires sont \u00e0 charge de l\u2019acheteur.<\/p>\n\n\n\n<p>Tout d\u00e9faut de paiement entra\u00eene, de plein droit et sans mise en demeure, la d\u00e9bition d\u2019int\u00e9r\u00eats de retard au taux de 1 % par mois calcul\u00e9s sur le montant total de la facture. De plus, toute facture non pay\u00e9e \u00e0 l\u2019\u00e9ch\u00e9ance par un acheteur autre qu\u2019un consommateur sera augment\u00e9e, de plein droit et sans rappel ou mise en demeure pr\u00e9alable, d\u2019un montant \u00e9gal \u00e0 5% des sommes dues, avec un minimum de 20 euros. En cas de retard ou de d\u00e9faut de paiement dans le chef client, le Vendeur se r\u00e9serve le droit, sans mise en demeure pr\u00e9alable, d\u2019arr\u00eater les livraisons en cours, sous r\u00e9serve de tous autres droits. Le non-paiement \u00e0 l\u2019\u00e9ch\u00e9ance d\u2019une seule facture rend imm\u00e9diatement exigible et de plein droit le solde de toutes les autres factures, \u00e9chues ou non. Toute contestation d\u2019une facture doit intervenir dans les 8 jours de sa r\u00e9ception.<\/p>\n\n\n\n<h2 class=\"wp-block-heading\">9. Utilisation du site<\/h2>\n\n\n\n<p>Le site <a href=\"https:\/\/www.ad-outillage.com\">www.ad-outillage.com<\/a> et tous ses \u00e9l\u00e9ments sont la propri\u00e9t\u00e9 du Vendeur. Le Client s\u2019interdit de publier, copier ou enregistrer des informations figurant sur ce site sans l\u2019autorisation \u00e9crite expresse du Vendeur.<\/p>\n\n\n\n<h2 class=\"wp-block-heading\">10. Nullit\u00e9 partielle<\/h2>\n\n\n\n<p>Si un des articles de ces conditions g\u00e9n\u00e9rales \u00e9tait non valable ou nul ou \u00e9tait d\u00e9clar\u00e9 nul par un tribunal comp\u00e9tent, cela n\u2019influerait pas sur la validit\u00e9 des autres articles de ces conditions g\u00e9n\u00e9rales qui resteraient enti\u00e8rement d\u2019application. Si un des articles de ces conditions g\u00e9n\u00e9rales \u00e9tait non valable ou nul ou \u00e9tait d\u00e9clar\u00e9 nul par un tribunal comp\u00e9tent, les parties se concerteront pour remplacer cet article par un article valable aussi proche que possible de l\u2019intention initiale des parties.<\/p>\n\n\n\n<h2 class=\"wp-block-heading\">11. Litiges & r\u00e9clamations<\/h2>\n\n\n\n<p>Toute r\u00e9clamation peut \u00eatre adress\u00e9e au Vendeur en envoyant un email \u00e0 l\u2019adresse suivante\u00a0: <a href=\"mailto:ad-outillage@hotmail.com\">ad-outillage@hotmail.com<\/a><\/p>\n\n\n\n<p>Les parties t\u00e2cherons dans un premier temps de d\u00e9gager un accord amiable.<\/p>\n\n\n\n<p>Tout litige qui ne pourrait pas \u00eatre r\u00e9gl\u00e9 \u00e0 l\u2019amiable sera de la comp\u00e9tence exclusive des tribunaux du si\u00e8ge social du Vendeur.<\/p>\n\n\n\n<p>L\u2019ensemble des contrats et relations entre le Vendeur et ses clients sont soumises au droit belge.<\/p>\n","protected":false},"excerpt":{"rendered":"<p>1. Introduction L\u2019ensemble des ventes conclues par l\u2019interm\u00e9diaire du pr\u00e9sent site (www.ad-outillage.com) sont conclues entre le client et la SRL A.D Vente et Location (ci-apr\u00e8s \u00ab\u00a0le Vendeur\u00a0\u00bb), BCE 0761.439.310, dont le si\u00e8ge social est sis \u00e0 4960 Malmedy, avenue des Alli\u00e9s 74. Toutes les relations contractuelles ou extracontractuelles entre le&hellip;<\/p>\n","protected":false},"author":1,"featured_media":0,"parent":0,"menu_order":0,"comment_status":"closed","ping_status":"closed","template":"","meta":{"footnotes":""},"class_list":["post-3385","page","type-page","status-publish","hentry"],"yoast_head":"<!-- This site is optimized with the Yoast SEO plugin v27.5 - https:\/\/yoast.com\/product\/yoast-seo-wordpress\/ -->\n<title>Conditions g\u00e9n\u00e9rales de vente et d\u2019utilisation du site - AD Outillage<\/title>\n<meta name=\"robots\" content=\"index, follow, max-snippet:-1, max-image-preview:large, max-video-preview:-1\" \/>\n<link rel=\"canonical\" href=\"https:\/\/www.ad-outillage.com\/nl\/conditions-generales\/\" \/>\n<meta property=\"og:locale\" content=\"nl_NL\" \/>\n<meta property=\"og:type\" content=\"article\" \/>\n<meta property=\"og:title\" content=\"Conditions g\u00e9n\u00e9rales de vente et d\u2019utilisation du site - AD Outillage\" \/>\n<meta property=\"og:description\" content=\"1. Introduction L\u2019ensemble des ventes conclues par l\u2019interm\u00e9diaire du pr\u00e9sent site (www.ad-outillage.com) sont conclues entre le client et la SRL A.D Vente et Location (ci-apr\u00e8s \u00ab\u00a0le Vendeur\u00a0\u00bb), BCE 0761.439.310, dont le si\u00e8ge social est sis \u00e0 4960 Malmedy, avenue des Alli\u00e9s 74. Toutes les relations contractuelles ou extracontractuelles entre le&hellip;\" \/>\n<meta property=\"og:url\" content=\"https:\/\/www.ad-outillage.com\/nl\/conditions-generales\/\" \/>\n<meta property=\"og:site_name\" content=\"AD Outillage\" \/>\n<meta property=\"og:image\" content=\"https:\/\/www.ad-outillage.com\/wp-content\/uploads\/2021\/06\/131150916_233090958241329_9158481011371372290_n.jpg\" \/>\n\t<meta property=\"og:image:width\" content=\"958\" \/>\n\t<meta property=\"og:image:height\" content=\"960\" \/>\n\t<meta property=\"og:image:type\" content=\"image\/jpeg\" \/>\n<meta name=\"twitter:card\" content=\"summary_large_image\" \/>\n<meta name=\"twitter:label1\" content=\"Geschatte leestijd\" \/>\n\t<meta name=\"twitter:data1\" content=\"8 minuten\" \/>\n<script type=\"application\/ld+json\" class=\"yoast-schema-graph\">{\"@context\":\"https:\\\/\\\/schema.org\",\"@graph\":[{\"@type\":\"WebPage\",\"@id\":\"https:\\\/\\\/www.ad-outillage.com\\\/nl\\\/conditions-generales\\\/\",\"url\":\"https:\\\/\\\/www.ad-outillage.com\\\/nl\\\/conditions-generales\\\/\",\"name\":\"Conditions g\u00e9n\u00e9rales de vente et d\u2019utilisation du site - AD Outillage\",\"isPartOf\":{\"@id\":\"https:\\\/\\\/www.ad-outillage.com\\\/#website\"},\"datePublished\":\"2021-02-05T12:48:52+00:00\",\"breadcrumb\":{\"@id\":\"https:\\\/\\\/www.ad-outillage.com\\\/nl\\\/conditions-generales\\\/#breadcrumb\"},\"inLanguage\":\"nl-NL\",\"potentialAction\":[{\"@type\":\"ReadAction\",\"target\":[\"https:\\\/\\\/www.ad-outillage.com\\\/nl\\\/conditions-generales\\\/\"]}]},{\"@type\":\"BreadcrumbList\",\"@id\":\"https:\\\/\\\/www.ad-outillage.com\\\/nl\\\/conditions-generales\\\/#breadcrumb\",\"itemListElement\":[{\"@type\":\"ListItem\",\"position\":1,\"name\":\"Accueil\",\"item\":\"https:\\\/\\\/www.ad-outillage.com\\\/nl\\\/\"},{\"@type\":\"ListItem\",\"position\":2,\"name\":\"Conditions g\u00e9n\u00e9rales de vente et d\u2019utilisation du site\"}]},{\"@type\":\"WebSite\",\"@id\":\"https:\\\/\\\/www.ad-outillage.com\\\/#website\",\"url\":\"https:\\\/\\\/www.ad-outillage.com\\\/\",\"name\":\"AD Outillage\",\"description\":\"Vente d\u2019outillage (servante compl\u00e8te, cric, coffre \u00e0 outils, compresseur,...)\",\"potentialAction\":[{\"@type\":\"SearchAction\",\"target\":{\"@type\":\"EntryPoint\",\"urlTemplate\":\"https:\\\/\\\/www.ad-outillage.com\\\/?s={search_term_string}\"},\"query-input\":{\"@type\":\"PropertyValueSpecification\",\"valueRequired\":true,\"valueName\":\"search_term_string\"}}],\"inLanguage\":\"nl-NL\"}]}<\/script>\n<!-- \/ Yoast SEO plugin. -->","yoast_head_json":{"title":"Conditions g\u00e9n\u00e9rales de vente et d\u2019utilisation du site - AD Outillage","robots":{"index":"index","follow":"follow","max-snippet":"max-snippet:-1","max-image-preview":"max-image-preview:large","max-video-preview":"max-video-preview:-1"},"canonical":"https:\/\/www.ad-outillage.com\/nl\/conditions-generales\/","og_locale":"nl_NL","og_type":"article","og_title":"Conditions g\u00e9n\u00e9rales de vente et d\u2019utilisation du site - AD Outillage","og_description":"1. Introduction L\u2019ensemble des ventes conclues par l\u2019interm\u00e9diaire du pr\u00e9sent site (www.ad-outillage.com) sont conclues entre le client et la SRL A.D Vente et Location (ci-apr\u00e8s \u00ab\u00a0le Vendeur\u00a0\u00bb), BCE 0761.439.310, dont le si\u00e8ge social est sis \u00e0 4960 Malmedy, avenue des Alli\u00e9s 74. Toutes les relations contractuelles ou extracontractuelles entre le&hellip;","og_url":"https:\/\/www.ad-outillage.com\/nl\/conditions-generales\/","og_site_name":"AD Outillage","og_image":[{"width":958,"height":960,"url":"https:\/\/www.ad-outillage.com\/wp-content\/uploads\/2021\/06\/131150916_233090958241329_9158481011371372290_n.jpg","type":"image\/jpeg"}],"twitter_card":"summary_large_image","twitter_misc":{"Geschatte leestijd":"8 minuten"},"schema":{"@context":"https:\/\/schema.org","@graph":[{"@type":"WebPage","@id":"https:\/\/www.ad-outillage.com\/nl\/conditions-generales\/","url":"https:\/\/www.ad-outillage.com\/nl\/conditions-generales\/","name":"Conditions g\u00e9n\u00e9rales de vente et d\u2019utilisation du site - AD Outillage","isPartOf":{"@id":"https:\/\/www.ad-outillage.com\/#website"},"datePublished":"2021-02-05T12:48:52+00:00","breadcrumb":{"@id":"https:\/\/www.ad-outillage.com\/nl\/conditions-generales\/#breadcrumb"},"inLanguage":"nl-NL","potentialAction":[{"@type":"ReadAction","target":["https:\/\/www.ad-outillage.com\/nl\/conditions-generales\/"]}]},{"@type":"BreadcrumbList","@id":"https:\/\/www.ad-outillage.com\/nl\/conditions-generales\/#breadcrumb","itemListElement":[{"@type":"ListItem","position":1,"name":"Accueil","item":"https:\/\/www.ad-outillage.com\/nl\/"},{"@type":"ListItem","position":2,"name":"Conditions g\u00e9n\u00e9rales de vente et d\u2019utilisation du site"}]},{"@type":"WebSite","@id":"https:\/\/www.ad-outillage.com\/#website","url":"https:\/\/www.ad-outillage.com\/","name":"AD Outillage","description":"Vente d\u2019outillage (servante compl\u00e8te, cric, coffre \u00e0 outils, compresseur,...)","potentialAction":[{"@type":"SearchAction","target":{"@type":"EntryPoint","urlTemplate":"https:\/\/www.ad-outillage.com\/?s={search_term_string}"},"query-input":{"@type":"PropertyValueSpecification","valueRequired":true,"valueName":"search_term_string"}}],"inLanguage":"nl-NL"}]}},"_links":{"self":[{"href":"https:\/\/www.ad-outillage.com\/nl\/wp-json\/wp\/v2\/pages\/3385","targetHints":{"allow":["GET"]}}],"collection":[{"href":"https:\/\/www.ad-outillage.com\/nl\/wp-json\/wp\/v2\/pages"}],"about":[{"href":"https:\/\/www.ad-outillage.com\/nl\/wp-json\/wp\/v2\/types\/page"}],"author":[{"embeddable":true,"href":"https:\/\/www.ad-outillage.com\/nl\/wp-json\/wp\/v2\/users\/1"}],"replies":[{"embeddable":true,"href":"https:\/\/www.ad-outillage.com\/nl\/wp-json\/wp\/v2\/comments?post=3385"}],"version-history":[{"count":0,"href":"https:\/\/www.ad-outillage.com\/nl\/wp-json\/wp\/v2\/pages\/3385\/revisions"}],"wp:attachment":[{"href":"https:\/\/www.ad-outillage.com\/nl\/wp-json\/wp\/v2\/media?parent=3385"}],"curies":[{"name":"wp","href":"https:\/\/api.w.org\/{rel}","templated":true}]}}